{"id":1021,"date":"2022-01-11T14:06:14","date_gmt":"2022-01-11T13:06:14","guid":{"rendered":"https:\/\/www.tupsicologobarcelona.com\/?page_id=1021"},"modified":"2023-06-05T13:36:54","modified_gmt":"2023-06-05T11:36:54","slug":"teresa-gracia","status":"publish","type":"page","link":"https:\/\/www.tupsicologobarcelona.com\/ca\/equip\/teresa-gracia","title":{"rendered":"Teresa Gracia"},"content":{"rendered":"<p>Sempre he tingut molt inter\u00e8s per la complexitat de la nostra ment. Es podria dir que les diferents experi\u00e8ncies amb grans persones que m\u2019he trobat al llarg de la meva formaci\u00f3 han col\u00b7laborat perqu\u00e8 orienti les meves passes cap a l\u2019acompanyament de persones per trobar una manera m\u00e9s sana de dirigir les seves vides, i em sembla un cam\u00ed apassionant.<\/p>\n<p>Inicialment, em va interessar explorar com els vincles des de la inf\u00e0ncia i les experi\u00e8ncies primerenques podien ser tan determinants a l\u2019hora de relacionar-nos i percebre el m\u00f3n en l\u2019edat adulta, especialment aquelles experi\u00e8ncies doloroses i traum\u00e0tiques. Vaig voler indagar en la relaci\u00f3 que hi havia amb la viol\u00e8ncia i per aix\u00f2 vaig col\u00b7laborar amb el <strong>Grup d\u2019Estudis Avan\u00e7ats de Viol\u00e8ncia<\/strong> (GEAV) de la Universitat de Barcelona. Posteriorment, i seguint aquest cam\u00ed, vaig ampliar la meva formaci\u00f3 dins del m\u00f3n de la <strong>psicologia forense i criminal<\/strong> \u2013m\u00f3n amb el que no m\u2019he deixat de relacionar fins l\u2019actualitat\u2013 oferint intervenci\u00f3 psicol\u00f2gica grupal i individual en diversos centres penitenciaris de Catalunya al llarg d\u2019aquests anys i col\u00b7laborant com a professora i tutora de pr\u00e0ctiques del M\u00e0ster de Psicologia Forense i Criminal de La Universitat de Barcelona.<\/p>\n<p>No obstant, tamb\u00e9 em fascina com les persones interactuem per tal de gestionar les pr\u00f2pies emociones i entendre un m\u00f3n que mai deixa de canviar. Dins de la <strong>intervenci\u00f3 cognitiu-conductual<\/strong>, em va semblar especialment interessant i integradora la <a href=\"https:\/\/www.tupsicologobarcelona.com\/ca\/preguntes-frequents\/que-es-la-trec-2-366\"><strong>Ter\u00e0pia Racional Emotiva Conductual (TREC)<\/strong><\/a>, de la qual vaig poder obtenir un enfoc molt pr\u00e0ctic i \u00fatil per a poder abordar, amb una gran varietat d\u2019eines, des de problem\u00e0tiques greus del comportament hum\u00e0 fins a processos de millora en la gesti\u00f3 dels valors humans i l\u2019estil de vida. Aix\u00ed, a trav\u00e9s de com gestionem els propis pensaments, emocions i conductes, podem acabar modelant la nostra forma de funcionar d\u2019una forma m\u00e9s saludable i conscient. Dins d\u2019aquest entorn, tamb\u00e9 vaig interessar-me sobre com poder aplicar aquesta varietat d\u2019eines amb persones d\u2019edats m\u00e9s primerenques, ja que la forma en la que funcionem en aquests edats ser\u00e0, en gran part, determinant a l\u2019edat adulta. \u00c9s per aix\u00f2 que vaig voler ampliar la meva formaci\u00f3 TREC en l\u2019\u00e0mbit <strong>infanto-juvenil<\/strong>.<\/p>\n<p>Desenvolupo la meva professi\u00f3 en\u00a0consulta presencial\u00a0a\u00a0<strong>Barcelona<\/strong>\u00a0i mitjan\u00e7ant\u00a0<a href=\"http:\/\/www.tupsicologobarcelona.com\/ca\/tractaments-online\"><strong>ter\u00e0pia online<\/strong><\/a>. Estic\u00a0col\u00b7legiada\u00a0amb el n\u00famero 29.118 al\u00a0Col\u00b7legi Oficial de Psicologia de Catalunya.<\/p>\n<p>Considero essencial adaptar la meva forma de treballar i les t\u00e8cniques que utilitzo a la persona que acompanyo. Poso especial \u00e8mfasi en la relaci\u00f3 terap\u00e8utica, ja que considero que \u00e9s fonamental que la ter\u00e0pia sigui un lloc segur per a que la persona es permeti aprendre a construir vincles saludables i conscients i aix\u00ed facilitar un proc\u00e9s de canvi s\u00f2lid i profund. I crec que poder apreciar com arriben a aquest cam\u00ed sempre em semblar\u00e0 apassionant.<\/p>\n<h2>Formaci\u00f3 espec\u00edfica<\/h2>\n<ul>\n<li><strong>Llicenciada en Psicologia.<\/strong> Universitat de Barcelona.<\/li>\n<li><strong>M\u00e0ster en Psicologia Forense i Criminal.<\/strong> Institut de Formaci\u00f3 Cont\u00ednua de la Universitat de Barcelona (IL3-UB).<\/li>\n<li><strong>M\u00e0ster en Ter\u00e0pia Racional Emotiva Conductual.<\/strong> Institut RET, Barcelona.<\/li>\n<li><strong>Postgrau infanto-juvenil en Ter\u00e0pia Racional Emotiva Conductual.<\/strong> Institut RET, Barcelona.<\/li>\n<\/ul>\n","protected":false},"excerpt":{"rendered":"<p>Sempre he tingut molt inter\u00e8s per la complexitat de la nostra ment. Es podria dir que les diferents experi\u00e8ncies amb grans persones que m\u2019he trobat al llarg de la meva formaci\u00f3 han col\u00b7laborat perqu\u00e8 orienti les meves passes cap a l\u2019acompanyament de persones per trobar una manera m\u00e9s sana de dirigir les seves vides, i [&hellip;]<\/p>\n","protected":false},"author":1,"featured_media":1024,"parent":875,"menu_order":0,"comment_status":"closed","ping_status":"closed","template":"page-biography.php","meta":{"footnotes":""},"class_list":["post-1021","page","type-page","status-publish","has-post-thumbnail","hentry"],"_links":{"self":[{"href":"https:\/\/www.tupsicologobarcelona.com\/ca\/wp-json\/wp\/v2\/pages\/1021","targetHints":{"allow":["GET"]}}],"collection":[{"href":"https:\/\/www.tupsicologobarcelona.com\/ca\/wp-json\/wp\/v2\/pages"}],"about":[{"href":"https:\/\/www.tupsicologobarcelona.com\/ca\/wp-json\/wp\/v2\/types\/page"}],"author":[{"embeddable":true,"href":"https:\/\/www.tupsicologobarcelona.com\/ca\/wp-json\/wp\/v2\/users\/1"}],"replies":[{"embeddable":true,"href":"https:\/\/www.tupsicologobarcelona.com\/ca\/wp-json\/wp\/v2\/comments?post=1021"}],"version-history":[{"count":2,"href":"https:\/\/www.tupsicologobarcelona.com\/ca\/wp-json\/wp\/v2\/pages\/1021\/revisions"}],"predecessor-version":[{"id":1023,"href":"https:\/\/www.tupsicologobarcelona.com\/ca\/wp-json\/wp\/v2\/pages\/1021\/revisions\/1023"}],"up":[{"embeddable":true,"href":"https:\/\/www.tupsicologobarcelona.com\/ca\/wp-json\/wp\/v2\/pages\/875"}],"wp:featuredmedia":[{"embeddable":true,"href":"https:\/\/www.tupsicologobarcelona.com\/ca\/wp-json\/wp\/v2\/media\/1024"}],"wp:attachment":[{"href":"https:\/\/www.tupsicologobarcelona.com\/ca\/wp-json\/wp\/v2\/media?parent=1021"}],"curies":[{"name":"wp","href":"https:\/\/api.w.org\/{rel}","templated":true}]}}