{"id":273,"date":"2016-01-24T12:04:50","date_gmt":"2016-01-24T11:04:50","guid":{"rendered":"http:\/\/www.tupsicologobarcelona.com\/?page_id=273"},"modified":"2016-02-09T20:34:44","modified_gmt":"2016-02-09T19:34:44","slug":"anorexia-i-bulimia","status":"publish","type":"page","link":"https:\/\/www.tupsicologobarcelona.com\/ca\/psicologia\/anorexia-i-bulimia","title":{"rendered":"Anor\u00e8xia i bul\u00edmia"},"content":{"rendered":"<p>La <strong>bul\u00edmia<\/strong> i l\u2019<strong>anor\u00e8xia<\/strong> s\u00f3n les protagonistes dins del que anomenem els <strong>trastorns alimentaris<\/strong>. S\u2019acostuma a pensar que amb l\u2019anor\u00e8xia la persona deixa de menjar, que es produeixen <strong>v\u00f2mits<\/strong> i que per conseq\u00fc\u00e8ncia, s\u2019aprima. El que es veu \u00e9s principalment aix\u00f2, per\u00f2 l\u2019anor\u00e8xia \u00e9s m\u00e9s complexa. L\u2019anor\u00e8xia t\u00e9 origen en la <strong>imatge corporal distorsionada<\/strong> que es t\u00e9 d\u2019un mateix juntament amb una gran por a augmentar de pes. Malgrat la persona estigui molt prima i en un pes baix, es veu a s\u00ed mateixa com a grassa. D\u2019aqu\u00ed que vingui la necessitat de <strong>restricci\u00f3 d\u2019aliments<\/strong> i de purgar-se (provocar-se el v\u00f2mit). En el cas de la bul\u00edmia, la persona t\u00e9 episodis en els quals ingereix menjar de forma compulsiva (se\u2019n fa un tip) i posteriorment, per un sentiment de culpa, en alguns casos s\u2019expulsa el que s\u2019havia menjat a trav\u00e9s de v\u00f2mits o amb l\u2019\u00fas de laxants.<\/p>\n<p>En ambd\u00f3s trastorns apareixen tamb\u00e9 altres s\u00edmptomes com la <strong>irritabilitat<\/strong>, l\u2019<strong>angoixa<\/strong>, la <strong>tristesa<\/strong> que poden desembocar en trastorns com la depressi\u00f3 o l\u2019ansietat.<\/p>\n<p>Les causes, tant d\u2019una com l\u2019altra, aix\u00ed com de la resta de trastorns alimentaris, s\u00f3n desconegudes, tot i que els factors socials hi poden jugar un paper important. Els c\u00e0nons de bellesa que la societat ha volgut vendre en moltes ocasions no corresponen amb els que es promouen des de l\u2019\u00e0mbit de la salut.<\/p>\n<p>Des de la consulta es pret\u00e9n, treballant de forma conjunta amb el metge de refer\u00e8ncia, establir i mantenir unes <strong>pautes d\u2019alimentaci\u00f3<\/strong> correctes i que la persona arribi a combatre les falses creences en relaci\u00f3 al menjar i el pes.<\/p>\n","protected":false},"excerpt":{"rendered":"<p>La bul\u00edmia i l\u2019anor\u00e8xia s\u00f3n les protagonistes dins del que anomenem els trastorns alimentaris. S\u2019acostuma a pensar que amb l\u2019anor\u00e8xia la persona deixa de menjar, que es produeixen v\u00f2mits i que per conseq\u00fc\u00e8ncia, s\u2019aprima. El que es veu \u00e9s principalment aix\u00f2, per\u00f2 l\u2019anor\u00e8xia \u00e9s m\u00e9s complexa. L\u2019anor\u00e8xia t\u00e9 origen en la imatge corporal distorsionada que [&hellip;]<\/p>\n","protected":false},"author":1,"featured_media":0,"parent":271,"menu_order":0,"comment_status":"closed","ping_status":"closed","template":"","meta":{"footnotes":""},"class_list":["post-273","page","type-page","status-publish","hentry"],"_links":{"self":[{"href":"https:\/\/www.tupsicologobarcelona.com\/ca\/wp-json\/wp\/v2\/pages\/273","targetHints":{"allow":["GET"]}}],"collection":[{"href":"https:\/\/www.tupsicologobarcelona.com\/ca\/wp-json\/wp\/v2\/pages"}],"about":[{"href":"https:\/\/www.tupsicologobarcelona.com\/ca\/wp-json\/wp\/v2\/types\/page"}],"author":[{"embeddable":true,"href":"https:\/\/www.tupsicologobarcelona.com\/ca\/wp-json\/wp\/v2\/users\/1"}],"replies":[{"embeddable":true,"href":"https:\/\/www.tupsicologobarcelona.com\/ca\/wp-json\/wp\/v2\/comments?post=273"}],"version-history":[{"count":1,"href":"https:\/\/www.tupsicologobarcelona.com\/ca\/wp-json\/wp\/v2\/pages\/273\/revisions"}],"predecessor-version":[{"id":274,"href":"https:\/\/www.tupsicologobarcelona.com\/ca\/wp-json\/wp\/v2\/pages\/273\/revisions\/274"}],"up":[{"embeddable":true,"href":"https:\/\/www.tupsicologobarcelona.com\/ca\/wp-json\/wp\/v2\/pages\/271"}],"wp:attachment":[{"href":"https:\/\/www.tupsicologobarcelona.com\/ca\/wp-json\/wp\/v2\/media?parent=273"}],"curies":[{"name":"wp","href":"https:\/\/api.w.org\/{rel}","templated":true}]}}