{"id":880,"date":"2020-09-06T19:18:03","date_gmt":"2020-09-06T17:18:03","guid":{"rendered":"https:\/\/www.tupsicologobarcelona.com\/?page_id=880"},"modified":"2020-09-06T19:53:39","modified_gmt":"2020-09-06T17:53:39","slug":"ester-callado","status":"publish","type":"page","link":"https:\/\/www.tupsicologobarcelona.com\/ca\/equip\/ester-callado","title":{"rendered":"Ester Callado"},"content":{"rendered":"<p>Un cop finalitzats els meus estudis en psicologia vaig voler seguir aprofundint en l&#8217;acompanyament individual i vaig descobrir el <strong>coaching<\/strong>; una forma d&#8217;acompanyar les persones en un paper actiu per al canvi i el creixement personal. El coaching m&#8217;ha proporcionat la possibilitat d&#8217;ajudar les persones, a veure altres punts de vista davant d&#8217;una situaci\u00f3 o obstacle a superar i, en poques sessions, seguir un proc\u00e9s que permet veure com la persona pren les regnes de la seva pr\u00f2pia vida i decideix cap a on continuar.<\/p>\n<p>Finalitzada la formaci\u00f3 en coaching vaig decidir ampliar la meva formaci\u00f3 en <a href=\"https:\/\/www.tupsicologobarcelona.com\/ca\/psicologia\"><strong>psicologia cl\u00ednica<\/strong><\/a> dins de les <strong>ter\u00e0pies cognitives conductuals<\/strong>, concretament amb la <strong><a href=\"https:\/\/www.tupsicologobarcelona.com\/ca\/preguntes-frequents\/que-es-la-trec-2-366\">Ter\u00e0pia Racional Emotiva Conductual<\/a> (TREC)<\/strong>, on he apr\u00e8s a acompanyar les persones des de l&#8217;\u00e0mbit de la psicoter\u00e0pia i que m&#8217;ha proporcionat aquelles eines que em faltaven per facilitar un canvi profund en la filosofia de vida de les persones treballant a trav\u00e9s dels pensaments, les emocions i les conductes\/h\u00e0bits.<\/p>\n<p>Al llarg d&#8217;aquests anys, no m\u2019ha deixat de fascinar la capacitat de l&#8217;\u00e9sser hum\u00e0 per sobreposar-se davant de qualsevol situaci\u00f3. \u00c9s per aix\u00f2 que vaig voler especialitzar-me en psicologia d&#8217;emerg\u00e8ncies i cat\u00e0strofes per poder atendre persones en situacions d&#8217;elevada intensitat emocional.<\/p>\n<p>Desenvolupo la meva professi\u00f3 en <strong>consulta presencial a Barcelona<\/strong> i mitjan\u00e7ant sessions de <a href=\"https:\/\/www.tupsicologobarcelona.com\/ca\/tractaments-online\/tractament-online-psicologia\"><strong>ter\u00e0pia online<\/strong><\/a> adaptant-la a les necessitats individuals de cada persona. He col\u00b7laborat tant amb persones individuals com amb empreses al llarg d&#8217;aquests anys buscant conjuntament la millor soluci\u00f3 a les dificultats plantejades.<\/p>\n<p>El meu objectiu professional \u00e9s poder proporcionar als meus pacients eines perqu\u00e8 puguin resoldre aquells problemes que ens causen malestar en la nostra vida. Poder observar com la persona aconsegueix els seus objectius mitjan\u00e7ant l&#8217;autoconeixement i gesti\u00f3 emocional em genera la satisfacci\u00f3 personal que m&#8217;empeny a la certesa de la capacitat de superaci\u00f3 de l&#8217;\u00e9sser hum\u00e0. Aquest \u00e9s el millor regal de la meva professi\u00f3.<\/p>\n<h2>Formaci\u00f3 espec\u00edfica<\/h2>\n<ul>\n<li><strong>Graduada en Psicologia<\/strong>. Universitat de Barcelona<\/li>\n<li><strong>M\u00e0ster en Coaching i Lideratge personal<\/strong>. Universitat de Barcelona<\/li>\n<li><strong>M\u00e0ster en Ter\u00e0pia Racional Emotiva Conductual<\/strong>. Institut Ret, Barcelona<\/li>\n<li><strong>M\u00e0ster en Psicologia General Sanit\u00e0ria<\/strong>. Universitat Internacional de Val\u00e8ncia<\/li>\n<li><strong>Experta en Psicologia d&#8217;Emerg\u00e8ncies i Cat\u00e0strofes<\/strong>. Col\u00b7legi Oficial de Psicologia de Catalunya<\/li>\n<\/ul>\n","protected":false},"excerpt":{"rendered":"<p>Un cop finalitzats els meus estudis en psicologia vaig voler seguir aprofundint en l&#8217;acompanyament individual i vaig descobrir el coaching; una forma d&#8217;acompanyar les persones en un paper actiu per al canvi i el creixement personal. El coaching m&#8217;ha proporcionat la possibilitat d&#8217;ajudar les persones, a veure altres punts de vista davant d&#8217;una situaci\u00f3 o [&hellip;]<\/p>\n","protected":false},"author":1,"featured_media":984,"parent":875,"menu_order":0,"comment_status":"closed","ping_status":"closed","template":"page-biography.php","meta":{"footnotes":""},"class_list":["post-880","page","type-page","status-publish","has-post-thumbnail","hentry"],"_links":{"self":[{"href":"https:\/\/www.tupsicologobarcelona.com\/ca\/wp-json\/wp\/v2\/pages\/880","targetHints":{"allow":["GET"]}}],"collection":[{"href":"https:\/\/www.tupsicologobarcelona.com\/ca\/wp-json\/wp\/v2\/pages"}],"about":[{"href":"https:\/\/www.tupsicologobarcelona.com\/ca\/wp-json\/wp\/v2\/types\/page"}],"author":[{"embeddable":true,"href":"https:\/\/www.tupsicologobarcelona.com\/ca\/wp-json\/wp\/v2\/users\/1"}],"replies":[{"embeddable":true,"href":"https:\/\/www.tupsicologobarcelona.com\/ca\/wp-json\/wp\/v2\/comments?post=880"}],"version-history":[{"count":8,"href":"https:\/\/www.tupsicologobarcelona.com\/ca\/wp-json\/wp\/v2\/pages\/880\/revisions"}],"predecessor-version":[{"id":933,"href":"https:\/\/www.tupsicologobarcelona.com\/ca\/wp-json\/wp\/v2\/pages\/880\/revisions\/933"}],"up":[{"embeddable":true,"href":"https:\/\/www.tupsicologobarcelona.com\/ca\/wp-json\/wp\/v2\/pages\/875"}],"wp:featuredmedia":[{"embeddable":true,"href":"https:\/\/www.tupsicologobarcelona.com\/ca\/wp-json\/wp\/v2\/media\/984"}],"wp:attachment":[{"href":"https:\/\/www.tupsicologobarcelona.com\/ca\/wp-json\/wp\/v2\/media?parent=880"}],"curies":[{"name":"wp","href":"https:\/\/api.w.org\/{rel}","templated":true}]}}